{"id":576,"date":"2021-03-30T19:20:32","date_gmt":"2021-03-30T17:20:32","guid":{"rendered":"http:\/\/seibeweglich.at\/wordpress\/?page_id=576"},"modified":"2023-01-04T14:05:07","modified_gmt":"2023-01-04T13:05:07","slug":"lasertherapie-laserakupunktur","status":"publish","type":"page","link":"http:\/\/seibeweglich.at\/wordpress\/lasertherapie-laserakupunktur\/","title":{"rendered":"Lasertherapie"},"content":{"rendered":"\n<h3 class=\"wp-block-heading\">NEU in meiner Praxis der Einsatz des Softlaser MED 100 &#8211; Laserakupunktur<br><\/h3>\n\n\n\n<div style=\"height:36px\" aria-hidden=\"true\" class=\"wp-block-spacer\"><\/div>\n\n\n\n<h4 class=\"wp-block-heading\">Allgemeine therapeutische Wirkungen<\/h4>\n\n\n\n<ul class=\"wp-block-list\"><li>Schmerzreduzierend<\/li><li>Entz\u00fcndungshemmend<\/li><li>Stimulation des Gewebestoffwechsels<\/li><li>Beschleunige Knochenregeneration<\/li><li>\u00d6dem reduzierend<\/li><\/ul>\n\n\n\n<h4 class=\"wp-block-heading\">Einsatzgebiete<\/h4>\n\n\n\n<ul class=\"wp-block-list\"><li>Postoperative Wunden oder Narben<\/li><li>Akne, Dekubitus, Herpes, Brandwunden, etc&#8230;<\/li><li>B\u00e4nder-, Muskel- bzw. Gelenksentz\u00fcndungen<\/li><li>Rheumatische und Arthrotische Erkrankungen<\/li><\/ul>\n\n\n\n<figure class=\"wp-block-gallery columns-2 is-cropped wp-block-gallery-1 is-layout-flex wp-block-gallery-is-layout-flex\"><ul class=\"blocks-gallery-grid\"><li class=\"blocks-gallery-item\"><figure><img loading=\"lazy\" decoding=\"async\" width=\"1024\" height=\"768\" src=\"http:\/\/seibeweglich.at\/wordpress\/wp-content\/uploads\/2021\/03\/IMG_0640-scaled-e1617126457673-1024x768.jpeg\" alt=\"\" data-id=\"579\" data-full-url=\"http:\/\/seibeweglich.at\/wordpress\/wp-content\/uploads\/2021\/03\/IMG_0640-scaled-e1617126457673.jpeg\" data-link=\"http:\/\/seibeweglich.at\/wordpress\/img_0640\/\" class=\"wp-image-579\" srcset=\"http:\/\/seibeweglich.at\/wordpress\/wp-content\/uploads\/2021\/03\/IMG_0640-scaled-e1617126457673-1024x768.jpeg 1024w, http:\/\/seibeweglich.at\/wordpress\/wp-content\/uploads\/2021\/03\/IMG_0640-scaled-e1617126457673-300x225.jpeg 300w, http:\/\/seibeweglich.at\/wordpress\/wp-content\/uploads\/2021\/03\/IMG_0640-scaled-e1617126457673-768x576.jpeg 768w, http:\/\/seibeweglich.at\/wordpress\/wp-content\/uploads\/2021\/03\/IMG_0640-scaled-e1617126457673-1536x1152.jpeg 1536w, http:\/\/seibeweglich.at\/wordpress\/wp-content\/uploads\/2021\/03\/IMG_0640-scaled-e1617126457673-2048x1536.jpeg 2048w, http:\/\/seibeweglich.at\/wordpress\/wp-content\/uploads\/2021\/03\/IMG_0640-scaled-e1617126457673-500x375.jpeg 500w, http:\/\/seibeweglich.at\/wordpress\/wp-content\/uploads\/2021\/03\/IMG_0640-scaled-e1617126457673-800x600.jpeg 800w, http:\/\/seibeweglich.at\/wordpress\/wp-content\/uploads\/2021\/03\/IMG_0640-scaled-e1617126457673-1280x960.jpeg 1280w, http:\/\/seibeweglich.at\/wordpress\/wp-content\/uploads\/2021\/03\/IMG_0640-scaled-e1617126457673-1920x1440.jpeg 1920w\" sizes=\"auto, (max-width: 1024px) 100vw, 1024px\" \/><\/figure><\/li><li class=\"blocks-gallery-item\"><figure><img loading=\"lazy\" decoding=\"async\" width=\"768\" height=\"1024\" src=\"http:\/\/seibeweglich.at\/wordpress\/wp-content\/uploads\/2021\/03\/IMG_0593-768x1024.jpeg\" alt=\"\" data-id=\"578\" data-full-url=\"http:\/\/seibeweglich.at\/wordpress\/wp-content\/uploads\/2021\/03\/IMG_0593-scaled.jpeg\" data-link=\"http:\/\/seibeweglich.at\/wordpress\/img_0593\/\" class=\"wp-image-578\" srcset=\"http:\/\/seibeweglich.at\/wordpress\/wp-content\/uploads\/2021\/03\/IMG_0593-768x1024.jpeg 768w, http:\/\/seibeweglich.at\/wordpress\/wp-content\/uploads\/2021\/03\/IMG_0593-225x300.jpeg 225w, http:\/\/seibeweglich.at\/wordpress\/wp-content\/uploads\/2021\/03\/IMG_0593-1152x1536.jpeg 1152w, http:\/\/seibeweglich.at\/wordpress\/wp-content\/uploads\/2021\/03\/IMG_0593-1536x2048.jpeg 1536w, http:\/\/seibeweglich.at\/wordpress\/wp-content\/uploads\/2021\/03\/IMG_0593-500x667.jpeg 500w, http:\/\/seibeweglich.at\/wordpress\/wp-content\/uploads\/2021\/03\/IMG_0593-800x1067.jpeg 800w, http:\/\/seibeweglich.at\/wordpress\/wp-content\/uploads\/2021\/03\/IMG_0593-1280x1707.jpeg 1280w, http:\/\/seibeweglich.at\/wordpress\/wp-content\/uploads\/2021\/03\/IMG_0593-scaled.jpeg 1920w\" sizes=\"auto, (max-width: 768px) 100vw, 768px\" \/><\/figure><\/li><\/ul><\/figure>\n","protected":false},"excerpt":{"rendered":"<p>NEU in meiner Praxis der Einsatz des Softlaser MED 100 &#8211; Laserakupunktur Allgemeine therapeutische Wirkungen Schmerzreduzierend Entz\u00fcndungshemmend Stimulation des Gewebestoffwechsels Beschleunige Knochenregeneration \u00d6dem reduzierend Einsatzgebiete Postoperative Wunden oder Narben Akne, Dekubitus, Herpes, Brandwunden, etc&#8230; B\u00e4nder-, Muskel- bzw. Gelenksentz\u00fcndungen Rheumatische und Arthrotische Erkrankungen<\/p>\n","protected":false},"author":1,"featured_media":0,"parent":0,"menu_order":3,"comment_status":"closed","ping_status":"closed","template":"template-full-width.php","meta":{"footnotes":""},"class_list":["post-576","page","type-page","status-publish","hentry"],"_links":{"self":[{"href":"http:\/\/seibeweglich.at\/wordpress\/wp-json\/wp\/v2\/pages\/576","targetHints":{"allow":["GET"]}}],"collection":[{"href":"http:\/\/seibeweglich.at\/wordpress\/wp-json\/wp\/v2\/pages"}],"about":[{"href":"http:\/\/seibeweglich.at\/wordpress\/wp-json\/wp\/v2\/types\/page"}],"author":[{"embeddable":true,"href":"http:\/\/seibeweglich.at\/wordpress\/wp-json\/wp\/v2\/users\/1"}],"replies":[{"embeddable":true,"href":"http:\/\/seibeweglich.at\/wordpress\/wp-json\/wp\/v2\/comments?post=576"}],"version-history":[{"count":10,"href":"http:\/\/seibeweglich.at\/wordpress\/wp-json\/wp\/v2\/pages\/576\/revisions"}],"predecessor-version":[{"id":642,"href":"http:\/\/seibeweglich.at\/wordpress\/wp-json\/wp\/v2\/pages\/576\/revisions\/642"}],"wp:attachment":[{"href":"http:\/\/seibeweglich.at\/wordpress\/wp-json\/wp\/v2\/media?parent=576"}],"curies":[{"name":"wp","href":"https:\/\/api.w.org\/{rel}","templated":true}]}}